{"id":78,"date":"2022-09-05T14:58:00","date_gmt":"2022-09-05T14:58:00","guid":{"rendered":"https:\/\/esg-up.erasmus.site\/?page_id=78"},"modified":"2023-12-04T19:51:30","modified_gmt":"2023-12-04T19:51:30","slug":"partnership","status":"publish","type":"page","link":"https:\/\/esg-up.erasmus.site\/pl\/partnership\/","title":{"rendered":"Partnerzy"},"content":{"rendered":"<p><\/p>\n<h3 style=\"text-align: center;\"><strong>IZBA HANDLOWA W DUBLINIE &#8211; Irlandia &#8211; Koordynator projektu<br \/>\n<\/strong><\/h3>\n<p><img fetchpriority=\"high\" decoding=\"async\" class=\"aligncenter size-full wp-image-785\" src=\"https:\/\/esg-up.erasmus.site\/wp-content\/uploads\/2023\/09\/dublin.png\" alt=\"\" width=\"300\" height=\"300\" srcset=\"https:\/\/esg-up.erasmus.site\/wp-content\/uploads\/2023\/09\/dublin.png 300w, https:\/\/esg-up.erasmus.site\/wp-content\/uploads\/2023\/09\/dublin-150x150.png 150w, https:\/\/esg-up.erasmus.site\/wp-content\/uploads\/2023\/09\/dublin-24x24.png 24w, https:\/\/esg-up.erasmus.site\/wp-content\/uploads\/2023\/09\/dublin-36x36.png 36w, https:\/\/esg-up.erasmus.site\/wp-content\/uploads\/2023\/09\/dublin-48x48.png 48w\" sizes=\"(max-width: 300px) 100vw, 300px\" \/><\/p>\n<p>Izb\u0119 w Dublinie reprezentuje ponad 1300 firm, pocz\u0105wszy od firm rozpoczynaj\u0105cych dzia\u0142alno\u015b\u0107 do mi\u0119dzynarodowych przedsi\u0119biorstw, \u0142\u0105cz\u0105c ponad 50 sektor\u00f3w przemys\u0142u poprzez program cz\u0142onkowski zaprojektowany tak, aby zaanga\u017cowa\u0107 ka\u017cdy poziom i bran\u017c\u0119. Networking jest podstaw\u0105 dzia\u0142a\u0144 Izby Handlowej w Dublinie, oferuj\u0105c cz\u0142onkom 130 wydarze\u0144 rocznie, dzi\u0119ki kt\u00f3rym mo\u017cna zdoby\u0107 wiedz\u0119 z zakresu najlepszych praktyk i pozna\u0107 si\u0119 z \u015brodowiskiem przedsi\u0119biorc\u00f3w Dublina.<\/p>\n<p>Dublin jest motorem wzrostu gospodarki narodowej, a Izba ma kluczowy wk\u0142ad w rozw\u00f3j przedsi\u0119biorczo\u015bci i polityki gospodarczej w ca\u0142ej Irlandii.<\/p>\n<p>Izba udost\u0119pnia szereg us\u0142ug biznesowych, w tym mi\u0119dzynarodow\u0105 pomoc biznesow\u0105, us\u0142ugi zwi\u0105zane z eksportem i mo\u017cliwo\u015bci promocji gospodarczej.<\/p>\n<p>Izba zosta\u0142a za\u0142o\u017cona w 1783 roku i od ponad 200 lat reprezentuje interesy przedsi\u0119biorc\u00f3w z ca\u0142ego obszaru Dublina.<\/p>\n<p>Dzia\u0142aj\u0105cy przy Izbie w Dublinie <strong>Enterprise Europe<\/strong> <strong>Network<\/strong> oferuje wsparcie i porady dla M\u015aP, pomagaj\u0105c w jak najlepszym wykorzystaniu mo\u017cliwo\u015bci biznesowych poza granicami Irlandii i Unii Europejskiej.<\/p>\n<p>Nasze us\u0142ugi obejmuj\u0105 bezp\u0142atny serwis wyszukiwania partner\u00f3w mi\u0119dzynarodowych, doradztwo w zakresie nowych rynk\u00f3w, doradztwo w zakresie dost\u0119pu do finansowania, doradztwo w zakresie prawodawstwa UE oraz mo\u017cliwo\u015bci nawi\u0105zywania kontakt\u00f3w w ramach mi\u0119dzynarodowymi misjami gospodarczych.<\/p>\n<p>LinkedIn: <a href=\"https:\/\/www.linkedin.com\/company\/396155\/\">https:\/\/www.linkedin.com\/company\/396155\/<\/a><\/p>\n<p>Twitter: <a href=\"https:\/\/twitter.com\/DubCham\">https:\/\/twitter.com\/DubCham<\/a><\/p>\n<hr \/>\n<h3 style=\"text-align: center;\"><strong>MARKEUT SKILLS \u2013 Hiszpania<br \/>\n<\/strong><\/h3>\n<p><img decoding=\"async\" class=\"aligncenter wp-image-786 size-full\" src=\"https:\/\/esg-up.erasmus.site\/wp-content\/uploads\/2023\/09\/meus.png\" alt=\"\" width=\"300\" height=\"300\" srcset=\"https:\/\/esg-up.erasmus.site\/wp-content\/uploads\/2023\/09\/meus.png 300w, https:\/\/esg-up.erasmus.site\/wp-content\/uploads\/2023\/09\/meus-150x150.png 150w, https:\/\/esg-up.erasmus.site\/wp-content\/uploads\/2023\/09\/meus-24x24.png 24w, https:\/\/esg-up.erasmus.site\/wp-content\/uploads\/2023\/09\/meus-36x36.png 36w, https:\/\/esg-up.erasmus.site\/wp-content\/uploads\/2023\/09\/meus-48x48.png 48w\" sizes=\"(max-width: 300px) 100vw, 300px\" \/><\/p>\n<p>Powsta\u0142a w 2017 roku prywatna organizacja MARKEUT SKILLS (MEUS) z siedzib\u0105 w Walencji, w Hiszpanii, ma na celu popraw\u0119 zdolno\u015bci os\u00f3b w ich \u015brodowisku, zar\u00f3wno zawodowym, jak i prywatnym, a tak\u017ce na wszystkich etapach ich \u017cycia. Wspiera ustawiczne kszta\u0142cenie, szczeg\u00f3lnie edukacj\u0119 doros\u0142ych.<\/p>\n<p>Zgodnie z europejsk\u0105 strategi\u0105 edukacyjn\u0105 MEUS pracuje nad rozwojem nowych materia\u0142\u00f3w szkoleniowych i metodologii dostosowanych do r\u00f3\u017cnych cel\u00f3w oraz potrzeb rynku gospodarczego, aby poprawi\u0107 integracj\u0119 w miejscu pracy.<\/p>\n<p>MEUS zach\u0119ca do tworzenia i konsolidacji przedsi\u0119biorstw, oferuj\u0105c doradztwo i szkolenia dla przedsi\u0119biorc\u00f3w w zakresie: kreatywnych innowacji, innowacji spo\u0142ecznych, innowacji technologicznych, realizacji nowych projekt\u00f3w biznesowych, tworzenie zr\u00f3wnowa\u017conych firm i rozwoju samorz\u0105d\u00f3w terytorialnych.<\/p>\n<p>MEUS silnie wspiera nowe i rozwijaj\u0105ce si\u0119 sektory gospodarki. Zwraca uwag\u0119 na zmiany spo\u0142eczne, dlatego zajmuje si\u0119 w szczeg\u00f3lno\u015bci kwestiami takimi jak: zr\u00f3wnowa\u017cona gospodarka, kultura, TIK, dzia\u0142ania na rzecz rozwi\u0105zania problem\u00f3w starzej\u0105cego si\u0119 spo\u0142ecze\u0144stwa, zmian demograficznych, kt\u00f3re generuj\u0105 wi\u0119ksze zapotrzebowanie na us\u0142ugi osobiste itp.<\/p>\n<p>W celu wspierania rozwoju osobistego ludzi MEUS zajmuje si\u0119 r\u00f3wnie\u017c rozwojem inicjatyw w zakresie aktywnego uczestnictwa w spo\u0142ecze\u0144stwie, dobrobytu, r\u00f3wno\u015bci i solidarno\u015bci, integracji i niedyskryminacji.<\/p>\n<p>Ka\u017cdy z projekt\u00f3w rozwijanych w MEUS realizowany jest w za\u0142o\u017ceniu innowacyjno\u015bci, rozumianej nie jako innowacja technologiczna, a wi\u0119c polegaj\u0105ca na opracowaniu nowych innowacyjnych metodologii uczenia si\u0119, zarz\u0105dzania, rozwoju osobistego czy rozwoju lokalnego.<\/p>\n<p>Strona internetowa: <a href=\"http:\/\/www.meuskills.eu\">www.meuskills.eu<\/a><\/p>\n<p>Facebook: <a href=\"https:\/\/www.facebook.com\/meus.markeut\">https:\/\/www.facebook.com\/meus.markeut<\/a><\/p>\n<p>LinkedIn: <a href=\"https:\/\/www.linkedin.com\/company\/meuskills\">https:\/\/www.linkedin.com\/company\/meuskills<\/a><\/p>\n<hr \/>\n<h3 style=\"text-align: center;\"><strong>INSTYTUT ROZWOJU PRZEDSI\u0118BIORCZO\u015aCI \u2013 Grecja<\/strong><\/h3>\n<p><img decoding=\"async\" class=\"aligncenter wp-image-787 size-full\" src=\"https:\/\/esg-up.erasmus.site\/wp-content\/uploads\/2023\/09\/ied.png\" alt=\"\" width=\"300\" height=\"300\" srcset=\"https:\/\/esg-up.erasmus.site\/wp-content\/uploads\/2023\/09\/ied.png 300w, https:\/\/esg-up.erasmus.site\/wp-content\/uploads\/2023\/09\/ied-150x150.png 150w, https:\/\/esg-up.erasmus.site\/wp-content\/uploads\/2023\/09\/ied-24x24.png 24w, https:\/\/esg-up.erasmus.site\/wp-content\/uploads\/2023\/09\/ied-36x36.png 36w, https:\/\/esg-up.erasmus.site\/wp-content\/uploads\/2023\/09\/ied-48x48.png 48w\" sizes=\"(max-width: 300px) 100vw, 300px\" \/><\/p>\n<p>Instytut Rozwoju Przedsi\u0119biorczo\u015bci (ang. Institute of Entrepreneurship Development, iED) to wielokrotnie nagradzana grecka organizacja non-profit zaanga\u017cowana w promowanie innowacji i wzmacnianie ducha przedsi\u0119biorczo\u015bci. Za\u0142o\u017cony w 2005 roku w Larisie w Grecji Instytut Rozwoju Przedsi\u0119biorczo\u015bci jest certyfikowanym, wiod\u0105cym centrum doskonalenia w zakresie europejskiej przedsi\u0119biorczo\u015bci oraz szybko rozwijaj\u0105cym si\u0119 centrum innowacji cyfrowych, zarejestrowanym jako cz\u0142onek katalogu DIHs Komisji Europejskiej.<\/p>\n<p>W ci\u0105gu 15 lat naszej dzia\u0142alno\u015bci zrealizowali\u015bmy ponad 200 projekt\u00f3w krajowych i europejskich w ramach licznych Program\u00f3w Finansowania (Horyzont, Erasmus+, AMIF, REC, COSME, INTERREG, ENI CBC MED, Life, itp.). Zdobyte do\u015bwiadczenie da\u0142o nam unikalny wgl\u0105d w praktyczne aspekty realizacji projekt\u00f3w wsp\u00f3\u0142finansowanych na du\u017c\u0105 skal\u0119, czyni\u0105c Instytut silnym i wiarygodnym europejskim partnerem oraz liderem projekt\u00f3w. iED posiada r\u00f3wnie\u017c niezwykle szerok\u0105 sie\u0107 ponad 4.200 partner\u00f3w i organizacji wsp\u00f3\u0142pracuj\u0105cych z UE, a tak\u017ce spoza niej.<\/p>\n<p>Strona internetowa: <a href=\"https:\/\/ied.eu\/\">https:\/\/ied.eu\/<\/a><\/p>\n<p>Facebook: <a href=\"https:\/\/www.facebook.com\/ied.europe\">https:\/\/www.facebook.com\/ied.europe<\/a><\/p>\n<p>Instagram: <a href=\"https:\/\/www.instagram.com\/ied.europe\/\">https:\/\/www.instagram.com\/ied.europe\/<\/a><\/p>\n<p>Twitter: <a href=\"https:\/\/twitter.com\/ied_europe\">https:\/\/twitter.com\/ied_europe<\/a><\/p>\n<p>LinkedIn: <a href=\"https:\/\/www.linkedin.com\/company\/iedeurope\/\">https:\/\/www.linkedin.com\/company\/iedeurope\/<\/a><\/p>\n<hr \/>\n<h3 style=\"text-align: center;\"><strong>FYG CONSULTORES \u2013 Hiszpania<br \/>\n<\/strong><\/h3>\n<p><img loading=\"lazy\" decoding=\"async\" class=\"aligncenter wp-image-789 size-full\" src=\"https:\/\/esg-up.erasmus.site\/wp-content\/uploads\/2023\/09\/fyg.png\" alt=\"\" width=\"300\" height=\"300\" srcset=\"https:\/\/esg-up.erasmus.site\/wp-content\/uploads\/2023\/09\/fyg.png 300w, https:\/\/esg-up.erasmus.site\/wp-content\/uploads\/2023\/09\/fyg-150x150.png 150w, https:\/\/esg-up.erasmus.site\/wp-content\/uploads\/2023\/09\/fyg-24x24.png 24w, https:\/\/esg-up.erasmus.site\/wp-content\/uploads\/2023\/09\/fyg-36x36.png 36w, https:\/\/esg-up.erasmus.site\/wp-content\/uploads\/2023\/09\/fyg-48x48.png 48w\" sizes=\"(max-width: 300px) 100vw, 300px\" \/><\/p>\n<p>Instalofi Levante S.L. &#8211; FyG Consultores (FYG) jest prywatn\u0105 organizacj\u0105 edukacyjn\u0105 i szkoleniow\u0105, kt\u00f3ra promuje lokalny rynek pracy oraz wspiera proces uczenia si\u0119 przez ca\u0142e \u017cycie doros\u0142ych, szkolenia dla firm i m\u0142odzie\u017cy. FYG aktywnie pracuje nad us\u0142ugami dla wzmocnienia rozwoju kariery, aby odnie\u015b\u0107 si\u0119 do szerokiego zakresu program\u00f3w i us\u0142ug, kt\u00f3rych g\u0142\u00f3wnym celem jest pomoc w zdobyciu wiedzy, umiej\u0119tno\u015bci i postaw, aby rozwija\u0107 kwalifikacje i zarz\u0105dza\u0107 swoj\u0105 nauk\u0105, prac\u0105 i karier\u0105.<\/p>\n<p>Programy szkoleniowe realizowane przez FyG odnosz\u0105 si\u0119 do kreowania biznesu i innowacyjnych koncepcji, przedsi\u0119biorczo\u015bci, umiej\u0119tno\u015bci cyfrowych i transformacji, rozwoju us\u0142ug, my\u015blenia projektowego w zakresie us\u0142ug, zasad zatrudnienia i szkole\u0144 z zakresu umiej\u0119tno\u015bci mi\u0119kkich.<\/p>\n<p>Zosta\u0142a za\u0142o\u017cona w 2001 roku, funkcjonuje r\u00f3wnie\u017c na rynkach mi\u0119dzynarodowych dzia\u0142aj\u0105c aktywnie w obszarze doradc\u00f3w strategicznych ds. internacjonalizacji, pomagaj\u0105c firmom w definiowaniu strategii pozwalaj\u0105cych na rozw\u00f3j w biznesie mi\u0119dzynarodowym i na r\u00f3\u017cnych rynkach zagranicznych.<\/p>\n<p>Strona internetowa: <a href=\"http:\/\/www.fygconsultores.com\/\">http:\/\/www.fygconsultores.com\/<\/a><\/p>\n<p>Facebook: <a href=\"https:\/\/www.facebook.com\/fygconsultoresvalencia\/\">https:\/\/www.facebook.com\/fygconsultoresvalencia\/<\/a><\/p>\n<p>LinkedIn: <a href=\"https:\/\/www.linkedin.com\/company\/fygconsultores\/\">https:\/\/www.linkedin.com\/company\/fygconsultores\/<\/a><\/p>\n<hr \/>\n<h3 style=\"text-align: center;\"><strong>SWIDEAS \u2013 Szwecja<br \/>\n<\/strong><\/h3>\n<p><img loading=\"lazy\" decoding=\"async\" class=\"aligncenter wp-image-790 size-full\" src=\"https:\/\/esg-up.erasmus.site\/wp-content\/uploads\/2023\/09\/swideas.png\" alt=\"\" width=\"300\" height=\"300\" srcset=\"https:\/\/esg-up.erasmus.site\/wp-content\/uploads\/2023\/09\/swideas.png 300w, https:\/\/esg-up.erasmus.site\/wp-content\/uploads\/2023\/09\/swideas-150x150.png 150w, https:\/\/esg-up.erasmus.site\/wp-content\/uploads\/2023\/09\/swideas-24x24.png 24w, https:\/\/esg-up.erasmus.site\/wp-content\/uploads\/2023\/09\/swideas-36x36.png 36w, https:\/\/esg-up.erasmus.site\/wp-content\/uploads\/2023\/09\/swideas-48x48.png 48w\" sizes=\"(max-width: 300px) 100vw, 300px\" \/><\/p>\n<p>Swideas AB jest biznesow\u0105, wielokulturow\u0105 organizacj\u0105 za\u0142o\u017con\u0105 w 2013 roku, kt\u00f3ra \u0142\u0105czy i wsp\u00f3\u0142pracuje z ma\u0142ymi przedsi\u0119biorstwami i organizacjami pozarz\u0105dowymi w tym startupami, dla rozwoju mi\u0119dzynarodowego, rozwoju spo\u0142ecznego i \u015bwiadcz\u0105c us\u0142ugi doradztwa. SWIDEAS koncentruje si\u0119 na \u015brodowiskowej i spo\u0142ecznej odpowiedzialno\u015bci przedsi\u0119biorstw i organizacji, a tak\u017ce na mi\u0119dzynarodowych projektach rozwojowych.<\/p>\n<p>Dzia\u0142ania i projekty SWIDEAS mieszcz\u0105 si\u0119 w obszarach spo\u0142ecznej odpowiedzialno\u015bci biznesowej i zr\u00f3wnowa\u017conego rozwoju spo\u0142ecznego. Wykorzystuj\u0105c narz\u0119dzia edukacji i uczenia si\u0119 jako kluczowe czynniki u\u0142atwiaj\u0105ce zachodz\u0105ce zmiany spo\u0142eczne, SWIDEAS dzia\u0142a na rzecz poprawy dost\u0119pu do edukacji w obr\u0119bie sektor\u00f3w rynku pracy, szczeg\u00f3lnie skupiaj\u0105c si\u0119 na gospodarce cyrkularnej i zr\u00f3wnowa\u017conych\/odpowiedzialnych wzorcach biznesowych.<\/p>\n<p>Nasze g\u0142\u00f3wne cele to wspieranie \u015bwiadomo\u015bci spo\u0142ecze\u0144stwa, jak r\u00f3wnie\u017c wiedzy z zakresu rozwoju przedsi\u0119biorczo\u015bci i struktury organizacyjnej ma\u0142ych i \u015brednich przedsi\u0119biorstw w Szwecji, firm rozpoczynaj\u0105cych dzia\u0142alno\u015b\u0107 i przedsi\u0119biorstw poprzez organizowanie kurs\u00f3w szkoleniowych, warsztat\u00f3w i program\u00f3w mentorskich. Realizujemy r\u00f3wnie\u017c dzia\u0142ania konsultingowe w zakresie edukacji, bada\u0144 i rozwoju organizacyjnego, oferuj\u0105c us\u0142ugi planowania strategicznego, mentoringu i coachingu w zakresie rozwoju przedsi\u0119biorczo\u015bci i realizacji projekt\u00f3w.<\/p>\n<p>Strona internetowa: <a href=\"https:\/\/www.swideas.se\/\">https:\/\/www.swideas.se\/<\/a><\/p>\n<p>Facebook: <a href=\"https:\/\/www.facebook.com\/swideasab\/\">https:\/\/www.facebook.com\/swideasab\/<\/a><\/p>\n<p>Instagram: <a href=\"https:\/\/www.instagram.com\/swideasab\/\">https:\/\/www.instagram.com\/swideasab\/<\/a><\/p>\n<p>LinkedIn: <a href=\"https:\/\/www.linkedin.com\/company\/swideas-ab\/\">https:\/\/www.linkedin.com\/company\/swideas-ab\/<\/a><\/p>\n<p>&nbsp;<\/p>\n<hr \/>\n<h3 style=\"text-align: center;\"><strong>CENTRUM WSPIERANIA EDUKACJI I PRZEDSI\u0118BIORCZO\u015aCI \u2013 Polska<\/strong><\/h3>\n<p><img loading=\"lazy\" decoding=\"async\" class=\"aligncenter wp-image-791 size-full\" src=\"https:\/\/esg-up.erasmus.site\/wp-content\/uploads\/2023\/09\/cwep.png\" alt=\"\" width=\"300\" height=\"300\" srcset=\"https:\/\/esg-up.erasmus.site\/wp-content\/uploads\/2023\/09\/cwep.png 300w, https:\/\/esg-up.erasmus.site\/wp-content\/uploads\/2023\/09\/cwep-150x150.png 150w, https:\/\/esg-up.erasmus.site\/wp-content\/uploads\/2023\/09\/cwep-24x24.png 24w, https:\/\/esg-up.erasmus.site\/wp-content\/uploads\/2023\/09\/cwep-36x36.png 36w, https:\/\/esg-up.erasmus.site\/wp-content\/uploads\/2023\/09\/cwep-48x48.png 48w\" sizes=\"(max-width: 300px) 100vw, 300px\" \/><\/p>\n<p>Centrum Wspierania Edukacji i Przedsi\u0119biorczo\u015bci (CWEP) to organizacja pozarz\u0105dowa za\u0142o\u017cona w 2004 roku przez grup\u0119 przedsi\u0119biorc\u00f3w, nauczycieli i dzia\u0142aczy spo\u0142ecznych z Rzeszowa, Polska. CWEP wsp\u00f3\u0142pracuje z firmami i instytucjami edukacyjnymi. Misj\u0105 CWEP jest podnoszenie jako\u015bci kszta\u0142cenia na wszystkich poziomach i we wszystkich jego formach, a tak\u017ce promowanie przedsi\u0119biorczo\u015bci w celu sprzyjania integracji ka\u017cdej grupy spo\u0142ecznej, bez wzgl\u0119du na p\u0142e\u0107, wiek czy pochodzenie etniczne. W szczeg\u00f3lno\u015bci celem dzia\u0142alno\u015bci CWEP jest poprawa dost\u0119pno\u015bci, jako\u015bci i efektywno\u015bci edukacji wszystkich ludzi, promowanie ustawicznego kszta\u0142cenia doros\u0142ych, e-learningu oraz wykorzystanie nowych technologii w edukacji i przedsi\u0119biorczo\u015bci. Stowarzyszenie wsp\u00f3\u0142pracuje z wieloma partnerami z Europy w celu wzmocnienia pozycji ekonomicznej przedsi\u0119biorstw oraz udost\u0119pnia firmom platform internetowych.<\/p>\n<p>Strona internetowa: <a href=\"https:\/\/cwep.eu\/\">https:\/\/cwep.eu\/<\/a><\/p>\n<p>Facebook: <a href=\"https:\/\/www.facebook.com\/CWEP.EU\">https:\/\/www.facebook.com\/CWEP.EU<\/a><\/p>\n<p>Twitter: <a href=\"https:\/\/twitter.com\/CWEPeu\">https:\/\/twitter.com\/CWEPeu<\/a><\/p>\n<p>LinkedIn: <a href=\"https:\/\/www.linkedin.com\/company\/cwep\/\">https:\/\/www.linkedin.com\/company\/cwep\/<\/a><\/p>","protected":false},"excerpt":{"rendered":"<p>IZBA HANDLOWA W DUBLINIE &#8211; Irlandia &#8211; Koordynator projektu Izb\u0119 w Dublinie reprezentuje ponad 1300 firm, pocz\u0105wszy od firm rozpoczynaj\u0105cych&hellip;&nbsp;<\/p>\n","protected":false},"author":1,"featured_media":70,"parent":0,"menu_order":0,"comment_status":"closed","ping_status":"closed","template":"","meta":{"neve_meta_sidebar":"","neve_meta_container":"","neve_meta_enable_content_width":"off","neve_meta_content_width":100,"neve_meta_title_alignment":"","neve_meta_author_avatar":"","neve_post_elements_order":"","neve_meta_disable_header":"","neve_meta_disable_footer":"","neve_meta_disable_title":"","footnotes":""},"class_list":["post-78","page","type-page","status-publish","has-post-thumbnail","hentry"],"_links":{"self":[{"href":"https:\/\/esg-up.erasmus.site\/pl\/wp-json\/wp\/v2\/pages\/78","targetHints":{"allow":["GET"]}}],"collection":[{"href":"https:\/\/esg-up.erasmus.site\/pl\/wp-json\/wp\/v2\/pages"}],"about":[{"href":"https:\/\/esg-up.erasmus.site\/pl\/wp-json\/wp\/v2\/types\/page"}],"author":[{"embeddable":true,"href":"https:\/\/esg-up.erasmus.site\/pl\/wp-json\/wp\/v2\/users\/1"}],"replies":[{"embeddable":true,"href":"https:\/\/esg-up.erasmus.site\/pl\/wp-json\/wp\/v2\/comments?post=78"}],"version-history":[{"count":12,"href":"https:\/\/esg-up.erasmus.site\/pl\/wp-json\/wp\/v2\/pages\/78\/revisions"}],"predecessor-version":[{"id":867,"href":"https:\/\/esg-up.erasmus.site\/pl\/wp-json\/wp\/v2\/pages\/78\/revisions\/867"}],"wp:featuredmedia":[{"embeddable":true,"href":"https:\/\/esg-up.erasmus.site\/pl\/wp-json\/wp\/v2\/media\/70"}],"wp:attachment":[{"href":"https:\/\/esg-up.erasmus.site\/pl\/wp-json\/wp\/v2\/media?parent=78"}],"curies":[{"name":"wp","href":"https:\/\/api.w.org\/{rel}","templated":true}]}}