{"id":78,"date":"2022-09-05T14:58:00","date_gmt":"2022-09-05T14:58:00","guid":{"rendered":"https:\/\/esg-up.erasmus.site\/?page_id=78"},"modified":"2023-12-04T19:51:30","modified_gmt":"2023-12-04T19:51:30","slug":"partnership","status":"publish","type":"page","link":"https:\/\/esg-up.erasmus.site\/es\/partnership\/","title":{"rendered":"El partenariado"},"content":{"rendered":"<p><\/p>\n<h3 style=\"text-align: center;\">C\u00c1MARA DE COMERCIO DE DUBL\u00cdN &#8211; Irlanda &#8211;\u00a0El Coordinador del proyecto<\/h3>\n<p><img fetchpriority=\"high\" decoding=\"async\" class=\"aligncenter size-full wp-image-785\" src=\"https:\/\/esg-up.erasmus.site\/wp-content\/uploads\/2023\/09\/dublin.png\" alt=\"\" width=\"300\" height=\"300\" srcset=\"https:\/\/esg-up.erasmus.site\/wp-content\/uploads\/2023\/09\/dublin.png 300w, https:\/\/esg-up.erasmus.site\/wp-content\/uploads\/2023\/09\/dublin-150x150.png 150w, https:\/\/esg-up.erasmus.site\/wp-content\/uploads\/2023\/09\/dublin-24x24.png 24w, https:\/\/esg-up.erasmus.site\/wp-content\/uploads\/2023\/09\/dublin-36x36.png 36w, https:\/\/esg-up.erasmus.site\/wp-content\/uploads\/2023\/09\/dublin-48x48.png 48w\" sizes=\"(max-width: 300px) 100vw, 300px\" \/><\/p>\n<p>La C\u00e1mara de Dubl\u00edn representa a m\u00e1s de 1300 empresas, desde nuevas empresas hasta multinacionales, y conecta a m\u00e1s de 50 sectores industriales a trav\u00e9s de un programa de membres\u00eda dise\u00f1ado para involucrar a todos los niveles y disciplinas. La creaci\u00f3n de redes es un pilar de la C\u00e1mara de Dubl\u00edn, que ofrece a los miembros 130 eventos por a\u00f1o en los que aprender las mejores pr\u00e1cticas y conectarse con la comunidad empresarial de Dubl\u00edn en general.<\/p>\n<p>Dubl\u00edn es el motor del crecimiento de la econom\u00eda nacional y la C\u00e1mara es un contribuyente clave para el desarrollo de la pol\u00edtica empresarial y econ\u00f3mica en toda Irlanda. La C\u00e1mara ofrece una variedad de servicios comerciales, que incluyen asistencia comercial internacional, servicios de exportaci\u00f3n y oportunidades de promoci\u00f3n comercial. Fundada en 1783, la C\u00e1mara ha representado los intereses de las empresas en el \u00e1rea metropolitana de Dubl\u00edn durante m\u00e1s de 200 a\u00f1os.<\/p>\n<p>La Enterprise Europe Network de la C\u00e1mara de Dubl\u00edn ofrece apoyo y asesoramiento a las PYMEs, ayud\u00e1ndoles a aprovechar al m\u00e1ximo las oportunidades comerciales m\u00e1s all\u00e1 de las fronteras irlandesas y de la Uni\u00f3n Europea.<\/p>\n<p>Nuestros servicios incluyen un servicio gratuito de b\u00fasqueda de socios internacionales, asesoramiento sobre nuevos mercados, asesoramiento sobre acceso a financiaci\u00f3n y financiaci\u00f3n, asesoramiento sobre la legislaci\u00f3n de la UE y oportunidades de creaci\u00f3n de redes con misiones comerciales internacionales.<\/p>\n<p>LinkedIn: <a href=\"https:\/\/www.linkedin.com\/company\/396155\/\">https:\/\/www.linkedin.com\/company\/396155\/<\/a><\/p>\n<p>Twitter: <a href=\"https:\/\/twitter.com\/DubCham\">https:\/\/twitter.com\/DubCham<\/a><\/p>\n<p>&nbsp;<\/p>\n<hr \/>\n<h3 style=\"text-align: center;\">MarkEUt Skills\u00a0 \u2013 Espa\u00f1a<\/h3>\n<p><img decoding=\"async\" class=\"aligncenter wp-image-786 size-full\" src=\"https:\/\/esg-up.erasmus.site\/wp-content\/uploads\/2023\/09\/meus.png\" alt=\"\" width=\"300\" height=\"300\" srcset=\"https:\/\/esg-up.erasmus.site\/wp-content\/uploads\/2023\/09\/meus.png 300w, https:\/\/esg-up.erasmus.site\/wp-content\/uploads\/2023\/09\/meus-150x150.png 150w, https:\/\/esg-up.erasmus.site\/wp-content\/uploads\/2023\/09\/meus-24x24.png 24w, https:\/\/esg-up.erasmus.site\/wp-content\/uploads\/2023\/09\/meus-36x36.png 36w, https:\/\/esg-up.erasmus.site\/wp-content\/uploads\/2023\/09\/meus-48x48.png 48w\" sizes=\"(max-width: 300px) 100vw, 300px\" \/><\/p>\n<p>Nacida en 2017, MEUS es una organizaci\u00f3n privada con sede en Valencia, Espa\u00f1a, cuyo objetivo es mejorar las capacidades de las personas en su entorno, tanto profesional como privado, as\u00ed como en todas las etapas de su vida, de una escuela a otra de educaci\u00f3n de adultos.<\/p>\n<p>En l\u00ednea con la estrategia educativa europea, MEUS trabaja en el desarrollo de nuevos materiales y metodolog\u00edas formativas adaptadas a los diferentes objetivos y necesidades del mercado econ\u00f3mico, con el fin de mejorar la integraci\u00f3n laboral.<\/p>\n<p>MEUS fomenta la creaci\u00f3n y consolidaci\u00f3n empresarial, ofreciendo asesoramiento y formaci\u00f3n a los emprendedores, la innovaci\u00f3n creativa, la innovaci\u00f3n social, la innovaci\u00f3n tecnol\u00f3gica, el nacimiento de nuevos proyectos empresariales, la creaci\u00f3n de empresas sostenibles y el desarrollo de los territorios.<\/p>\n<p>MEUS apoya firmemente los sectores nuevos y en crecimiento de la econom\u00eda y est\u00e1 atento a los cambios sociales, por lo que se ocupa particularmente de temas como la econom\u00eda sostenible (y habilidades verdes), la econom\u00eda naranja (cultura), las TIC, la adaptaci\u00f3n al envejecimiento de la poblaci\u00f3n. y las nuevas caracter\u00edsticas demogr\u00e1ficas que generan una mayor demanda de servicios personales, etc.<\/p>\n<p>Con el fin de apoyar el desarrollo personal de las personas, MEUS tambi\u00e9n se dedica al desarrollo de iniciativas en el \u00e1mbito de la participaci\u00f3n activa en la sociedad, el bienestar, la igualdad y la solidaridad, la integraci\u00f3n y la no discriminaci\u00f3n.<\/p>\n<p>Todos y cada uno de los proyectos desarrollados en MEUS se realizan bajo la premisa de la innovaci\u00f3n, entendida m\u00e1s all\u00e1 de una innovaci\u00f3n tecnol\u00f3gica, basada en el desarrollo de nuevas metodolog\u00edas innovadoras para el aprendizaje, la gesti\u00f3n, el desarrollo personal o el desarrollo local.<\/p>\n<p>Sitio web: <a href=\"http:\/\/www.meuskills.eu\">www.meuskills.eu<\/a><\/p>\n<p>Facebook: <a href=\"https:\/\/www.facebook.com\/meus.markeut\">https:\/\/www.facebook.com\/meus.markeut<\/a><\/p>\n<p>LinkedIn: <a href=\"https:\/\/www.linkedin.com\/company\/meuskills\">https:\/\/www.linkedin.com\/company\/meuskills<\/a><\/p>\n<hr \/>\n<h3 style=\"text-align: center;\">INSTITUTE OF ENTREPRENEURSHIP DEVELOPMENT \u2013 Grecia<\/h3>\n<p><img decoding=\"async\" class=\"aligncenter wp-image-787 size-full\" src=\"https:\/\/esg-up.erasmus.site\/wp-content\/uploads\/2023\/09\/ied.png\" alt=\"\" width=\"300\" height=\"300\" srcset=\"https:\/\/esg-up.erasmus.site\/wp-content\/uploads\/2023\/09\/ied.png 300w, https:\/\/esg-up.erasmus.site\/wp-content\/uploads\/2023\/09\/ied-150x150.png 150w, https:\/\/esg-up.erasmus.site\/wp-content\/uploads\/2023\/09\/ied-24x24.png 24w, https:\/\/esg-up.erasmus.site\/wp-content\/uploads\/2023\/09\/ied-36x36.png 36w, https:\/\/esg-up.erasmus.site\/wp-content\/uploads\/2023\/09\/ied-48x48.png 48w\" sizes=\"(max-width: 300px) 100vw, 300px\" \/><\/p>\n<p>El Instituto para el desarrollo del emprendimiento (iED) es una organizaci\u00f3n griega sin fines de lucro comprometida con la promoci\u00f3n de la innovaci\u00f3n y la mejora del esp\u00edritu empresarial. Establecido en 2005, iED es un Centro de Excelencia l\u00edder certificado en emprendimiento europeo y un Centro de Innovaci\u00f3n Digital de r\u00e1pido crecimiento, registrado como miembro del cat\u00e1logo de DIH de la Comisi\u00f3n Europea, que reconoce el emprendimiento como un factor crucial para el futuro del desarrollo sostenible y la cohesi\u00f3n. de sociedades Realiza investigaciones y aporta soluciones innovadoras que facilitan el crecimiento del emprendimiento y fomentan el empleo.<\/p>\n<p>Durante los 15 a\u00f1os de nuestra actividad, hemos participado en la planificaci\u00f3n, ejecuci\u00f3n y difusi\u00f3n de m\u00e1s de 200 proyectos Nacionales y Europeos bajo numerosos Marcos Financieros (Horizon, Erasmus+, AMIF, REC, COSME, INTERREG, ENI CBC MED, Life etc. ). Nuestra experiencia nos dio una visi\u00f3n \u00fanica de los aspectos pr\u00e1cticos de la implementaci\u00f3n de proyectos de cofinanciaci\u00f3n a gran escala, lo que nos convirti\u00f3 en un socio y l\u00edder de proyectos europeos s\u00f3lido y confiable. Tambi\u00e9n nos ha proporcionado una red extremadamente amplia de m\u00e1s de 4.200 socios y organizaciones colaboradoras de la UE y m\u00e1s all\u00e1.<\/p>\n<p>Sitio web: <a href=\"https:\/\/ied.eu\/\">https:\/\/ied.eu\/<\/a><\/p>\n<p>Facebook: <a href=\"https:\/\/www.facebook.com\/ied.europe\">https:\/\/www.facebook.com\/ied.europe<\/a><\/p>\n<p>Instagram: \u00a0<a href=\"https:\/\/www.instagram.com\/ied.europe\/\">https:\/\/www.instagram.com\/ied.europe\/<\/a><\/p>\n<p>Twitter: <a href=\"https:\/\/twitter.com\/ied_europe\">https:\/\/twitter.com\/ied_europe<\/a><\/p>\n<p>LinkedIn: <a href=\"https:\/\/www.linkedin.com\/company\/iedeurope\/\">https:\/\/www.linkedin.com\/company\/iedeurope\/<\/a><\/p>\n<hr \/>\n<h3 style=\"text-align: center;\">FYG CONSULTORES \u2013 Espa\u00f1a<\/h3>\n<p><img loading=\"lazy\" decoding=\"async\" class=\"aligncenter wp-image-789 size-full\" src=\"https:\/\/esg-up.erasmus.site\/wp-content\/uploads\/2023\/09\/fyg.png\" alt=\"\" width=\"300\" height=\"300\" srcset=\"https:\/\/esg-up.erasmus.site\/wp-content\/uploads\/2023\/09\/fyg.png 300w, https:\/\/esg-up.erasmus.site\/wp-content\/uploads\/2023\/09\/fyg-150x150.png 150w, https:\/\/esg-up.erasmus.site\/wp-content\/uploads\/2023\/09\/fyg-24x24.png 24w, https:\/\/esg-up.erasmus.site\/wp-content\/uploads\/2023\/09\/fyg-36x36.png 36w, https:\/\/esg-up.erasmus.site\/wp-content\/uploads\/2023\/09\/fyg-48x48.png 48w\" sizes=\"(max-width: 300px) 100vw, 300px\" \/><\/p>\n<p>Instalofi Levante S.L. &#8211; FyG Consultores (FYG) es una organizaci\u00f3n privada de educaci\u00f3n y formaci\u00f3n, que promueve el mercado laboral local, as\u00ed como un proceso de aprendizaje permanente de adultos, empresas y j\u00f3venes. FYG trabaja activamente en los servicios de desarrollo profesional para referirse a una amplia gama de programas y servicios cuyo objetivo principal es ayudar a las personas a adquirir conocimientos, habilidades y actitudes para desarrollar habilidades para la vida y gestionar su aprendizaje, trabajo y carrera. Los programas de formaci\u00f3n que imparte FyG est\u00e1n relacionados con la creaci\u00f3n de empresas y conceptos innovadores, emprendimiento, habilidades y transformaci\u00f3n digital, desarrollo de servicios, pensamiento de dise\u00f1o de servicios, capacitaci\u00f3n en habilidades b\u00e1sicas y blandas para la empleabilidad.<\/p>\n<p>Fundada en 2001, est\u00e1 presente tambi\u00e9n en los mercados internacionales actuando activamente en el \u00e1rea de asesores de estrategia de internacionalizaci\u00f3n, ayudando a las empresas a definir estrategias que les permitan crecer en los mercados exteriores y en los negocios internacionales.<\/p>\n<p>Sitio web: <a href=\"http:\/\/www.fygconsultores.com\/\">http:\/\/www.fygconsultores.com\/<\/a><\/p>\n<p>Facebook: <a href=\"https:\/\/www.facebook.com\/fygconsultoresvalencia\/\">https:\/\/www.facebook.com\/fygconsultoresvalencia\/<\/a><\/p>\n<p>LinkedIn: <a href=\"https:\/\/www.linkedin.com\/company\/fygconsultores\/\">https:\/\/www.linkedin.com\/company\/fygconsultores\/<\/a><\/p>\n<hr \/>\n<h3 style=\"text-align: center;\">SWIDEAS \u2013 Suecia<\/h3>\n<p><img loading=\"lazy\" decoding=\"async\" class=\"aligncenter wp-image-790 size-full\" src=\"https:\/\/esg-up.erasmus.site\/wp-content\/uploads\/2023\/09\/swideas.png\" alt=\"\" width=\"300\" height=\"300\" srcset=\"https:\/\/esg-up.erasmus.site\/wp-content\/uploads\/2023\/09\/swideas.png 300w, https:\/\/esg-up.erasmus.site\/wp-content\/uploads\/2023\/09\/swideas-150x150.png 150w, https:\/\/esg-up.erasmus.site\/wp-content\/uploads\/2023\/09\/swideas-24x24.png 24w, https:\/\/esg-up.erasmus.site\/wp-content\/uploads\/2023\/09\/swideas-36x36.png 36w, https:\/\/esg-up.erasmus.site\/wp-content\/uploads\/2023\/09\/swideas-48x48.png 48w\" sizes=\"(max-width: 300px) 100vw, 300px\" \/><\/p>\n<p>S<\/p>\n<p>SwIdeas AB es una organizaci\u00f3n multicultural empresarial fundada en 2013 que une y colabora con empresas de peque\u00f1a escala y ONG en servicios de puesta en marcha, desarrollo internacional, desarrollo social y asesoramiento. La atenci\u00f3n se centra en la responsabilidad ambiental y social de las empresas y organizaciones, as\u00ed como en los proyectos de desarrollo internacional. Las operaciones y proyectos de SwIdeas est\u00e1n dentro de las esferas de la RSE y el desarrollo social para un impacto sostenible y mejor. Usando herramientas de educaci\u00f3n y aprendizaje como facilitadores clave para el cambio social, hemos estado trabajando para mejorar el acceso a la educaci\u00f3n dentro de los sectores del mercado laboral, centr\u00e1ndonos particularmente en la econom\u00eda circular y los modelos comerciales sostenibles\/responsables. Nuestros principales objetivos son promover la conciencia social y medioambiental, as\u00ed como el conocimiento empresarial y la estructura organizativa de las PYMEs en Suecia, las empresas emergentes y las empresas sociales facilitando cursos de formaci\u00f3n, talleres y programas de tutor\u00eda. SwIdeas tambi\u00e9n implementa actividades de consultor\u00eda en educaci\u00f3n, investigaci\u00f3n y desarrollo organizacional al ofrecer servicios de planificaci\u00f3n estrat\u00e9gica, tutor\u00eda y entrenamiento para el desarrollo de negocios y proyectos.<\/p>\n<p>Sitio web: <a href=\"https:\/\/www.swideas.se\/\">https:\/\/www.swideas.se\/<\/a><\/p>\n<p>Facebook: <a href=\"https:\/\/www.facebook.com\/swideasab\/\">https:\/\/www.facebook.com\/swideasab\/<\/a><\/p>\n<p>Instagram: \u00a0<a href=\"https:\/\/www.instagram.com\/swideasab\/\">https:\/\/www.instagram.com\/swideasab\/<\/a><\/p>\n<p>LinkedIn: <a href=\"https:\/\/www.linkedin.com\/company\/swideas-ab\/\">https:\/\/www.linkedin.com\/company\/swideas-ab\/<\/a><\/p>\n<hr \/>\n<h3 style=\"text-align: center;\">EL CENTRO PARA LA EDUCACI\u00d3N Y EL APOYO AL EMPRENDEDOR \u2013 Polonia<\/h3>\n<p><img loading=\"lazy\" decoding=\"async\" class=\"aligncenter wp-image-791 size-full\" src=\"https:\/\/esg-up.erasmus.site\/wp-content\/uploads\/2023\/09\/cwep.png\" alt=\"\" width=\"300\" height=\"300\" srcset=\"https:\/\/esg-up.erasmus.site\/wp-content\/uploads\/2023\/09\/cwep.png 300w, https:\/\/esg-up.erasmus.site\/wp-content\/uploads\/2023\/09\/cwep-150x150.png 150w, https:\/\/esg-up.erasmus.site\/wp-content\/uploads\/2023\/09\/cwep-24x24.png 24w, https:\/\/esg-up.erasmus.site\/wp-content\/uploads\/2023\/09\/cwep-36x36.png 36w, https:\/\/esg-up.erasmus.site\/wp-content\/uploads\/2023\/09\/cwep-48x48.png 48w\" sizes=\"(max-width: 300px) 100vw, 300px\" \/><\/p>\n<p>Centre For Education And Entrepreneurship Support (CWEP) es una organizaci\u00f3n no gubernamental fundada en 2004 por un grupo de empresarios, docentes y activistas sociales de Rzeszow, Polonia. CWEP coopera con empresas e instituciones educativas. La misi\u00f3n de CWEP es aumentar la calidad de la formaci\u00f3n educativa en todos los niveles y en todas sus modalidades, as\u00ed como promover el esp\u00edritu empresarial para favorecer la integraci\u00f3n de cualquier grupo social, independientemente de su g\u00e9nero, edad u origen \u00e9tnico. En particular, los objetivos son mejorar la accesibilidad, la calidad y la eficiencia de la educaci\u00f3n de todas las personas, promover y contribuir a la educaci\u00f3n de adultos, el aprendizaje permanente, el aprendizaje electr\u00f3nico y el uso de las nuevas tecnolog\u00edas en la educaci\u00f3n y el esp\u00edritu empresarial. La Asociaci\u00f3n trabaja con muchos socios de Europa para fortalecer la posici\u00f3n econ\u00f3mica de las empresas y proporciona plataformas en l\u00ednea para las empresas.<\/p>\n<p>Sitio web: <a href=\"https:\/\/cwep.eu\/\">https:\/\/cwep.eu\/<\/a><\/p>\n<p>Facebook: <a href=\"https:\/\/www.facebook.com\/CWEP.EU\">https:\/\/www.facebook.com\/CWEP.EU<\/a><\/p>\n<p>Twitter: <a href=\"https:\/\/twitter.com\/CWEPeu\">https:\/\/twitter.com\/CWEPeu<\/a><\/p>\n<p>LinkedIn: <a href=\"https:\/\/www.linkedin.com\/company\/cwep\/\">https:\/\/www.linkedin.com\/company\/cwep\/<\/a><\/p>","protected":false},"excerpt":{"rendered":"<p>C\u00c1MARA DE COMERCIO DE DUBL\u00cdN &#8211; Irlanda &#8211;\u00a0El Coordinador del proyecto La C\u00e1mara de Dubl\u00edn representa a m\u00e1s de 1300&hellip;&nbsp;<\/p>\n","protected":false},"author":1,"featured_media":70,"parent":0,"menu_order":0,"comment_status":"closed","ping_status":"closed","template":"","meta":{"neve_meta_sidebar":"","neve_meta_container":"","neve_meta_enable_content_width":"off","neve_meta_content_width":100,"neve_meta_title_alignment":"","neve_meta_author_avatar":"","neve_post_elements_order":"","neve_meta_disable_header":"","neve_meta_disable_footer":"","neve_meta_disable_title":"","footnotes":""},"class_list":["post-78","page","type-page","status-publish","has-post-thumbnail","hentry"],"_links":{"self":[{"href":"https:\/\/esg-up.erasmus.site\/es\/wp-json\/wp\/v2\/pages\/78","targetHints":{"allow":["GET"]}}],"collection":[{"href":"https:\/\/esg-up.erasmus.site\/es\/wp-json\/wp\/v2\/pages"}],"about":[{"href":"https:\/\/esg-up.erasmus.site\/es\/wp-json\/wp\/v2\/types\/page"}],"author":[{"embeddable":true,"href":"https:\/\/esg-up.erasmus.site\/es\/wp-json\/wp\/v2\/users\/1"}],"replies":[{"embeddable":true,"href":"https:\/\/esg-up.erasmus.site\/es\/wp-json\/wp\/v2\/comments?post=78"}],"version-history":[{"count":12,"href":"https:\/\/esg-up.erasmus.site\/es\/wp-json\/wp\/v2\/pages\/78\/revisions"}],"predecessor-version":[{"id":867,"href":"https:\/\/esg-up.erasmus.site\/es\/wp-json\/wp\/v2\/pages\/78\/revisions\/867"}],"wp:featuredmedia":[{"embeddable":true,"href":"https:\/\/esg-up.erasmus.site\/es\/wp-json\/wp\/v2\/media\/70"}],"wp:attachment":[{"href":"https:\/\/esg-up.erasmus.site\/es\/wp-json\/wp\/v2\/media?parent=78"}],"curies":[{"name":"wp","href":"https:\/\/api.w.org\/{rel}","templated":true}]}}